{"id":1434,"date":"2024-02-26T05:31:54","date_gmt":"2024-02-26T05:31:54","guid":{"rendered":"https:\/\/sieureusesc.ro\/?post_type=testimonial&#038;p=1434"},"modified":"2025-03-05T13:34:29","modified_gmt":"2025-03-05T13:34:29","slug":"povestea-lui-ionut","status":"publish","type":"testimonial","link":"https:\/\/sieureusesc.ro\/en\/testimonial\/povestea-lui-ionut\/","title":{"rendered":"Povestea lui Ionu\u021b ENG"},"content":{"rendered":"<p>Am crescut \u00eentr-o zon\u0103 de r\u0103zboi cu dureri \u0219i frici care credeam c\u0103 fac parte din realitatea vie\u021bii. Cresc\u00e2nd mare am \u00een\u021beles c\u0103 ce se \u00eentampla la mine acas\u0103, \u00een fapt, nu era normal. M-am sim\u021bit tr\u0103dat. Cu toate c\u0103 aveam un singur agresor \u00een cas\u0103, m-am sim\u021bit tr\u0103dat de ambii p\u0103rin\u021bi. \u00cemi iubesc mama \u0219i nu \u0219tiu ce m-a\u0219 face f\u0103r\u0103 ea, dar o parte din mine nu poate uita \u0219i o alt\u0103 parte din mine nu poate ierta, nu \u00een totalitate.<\/p>\n<p>Nu-mi ajunge spa\u021biul, s\u0103-mi v\u0103rs sentimentele aici. Dar \u00een 30 de ani de via\u021b\u0103, dac\u0103 cineva m\u0103 \u00eentreab\u0103 care a fost cel mai resim\u021bit sentiment&#8230;a\u0219 r\u0103spunde &#8220;ura&#8221;, acompaniat\u0103 de neputin\u021b\u0103, disperare \u0219i umilin\u021b\u0103. Cu toate c\u0103 m-am \u00eendep\u0103rtat de surs\u0103, m\u0103 confrunt \u00een continuare cu problemele psihologice create de mediul \u00een care am crescut. Mai mult de at\u00e2t, fiindc\u0103 mama nu a reu\u0219it \u00eenc\u0103 s\u0103 plece, tr\u0103iesc ca adult cu frica c\u0103 \u00eentr-o buna zi voi primi un telefon ca mama a fost spitalizat\u0103 sau mai r\u0103u. Tr\u0103iesc astfel cu acest sentiment latent de nesiguran\u021b\u0103 pentru doua persoane iubite (mama \u0219i sora) dar si cu un sentiment de vin\u0103, c\u0103 am plecat. Mi-am sacrificat ani din via\u021b\u0103, st\u00e2nd cu p\u0103rin\u021bii p\u00e2n\u0103 la 30.<\/p>\n<p>To\u021bi \u00eemi spun c\u0103 e bine ca am plecat, s\u0103 \u00eemi v\u0103d de via\u021ba mea &#8230; \u0219i totu\u0219i nu m\u0103 simt \u00eemp\u0103cat cu asta.<\/p>\n","protected":false},"excerpt":{"rendered":"<p>Am crescut \u00eentr-o zon\u0103 de r\u0103zboi cu dureri \u0219i frici care credeam c\u0103 fac parte din realitatea vie\u021bii. Cresc\u00e2nd mare am \u00een\u021beles c\u0103 ce se \u00eentampla la mine acas\u0103, \u00een fapt, nu era normal. M-am sim\u021bit tr\u0103dat. Cu toate c\u0103 aveam un singur agresor \u00een cas\u0103, m-am sim\u021bit tr\u0103dat de ambii p\u0103rin\u021bi. \u00cemi iubesc mama [&hellip;]<\/p>\n","protected":false},"featured_media":1023,"template":"","meta":{"_acf_changed":false},"class_list":["post-1434","testimonial","type-testimonial","status-publish","has-post-thumbnail","hentry"],"acf":[],"_links":{"self":[{"href":"https:\/\/sieureusesc.ro\/en\/wp-json\/wp\/v2\/testimonial\/1434","targetHints":{"allow":["GET"]}}],"collection":[{"href":"https:\/\/sieureusesc.ro\/en\/wp-json\/wp\/v2\/testimonial"}],"about":[{"href":"https:\/\/sieureusesc.ro\/en\/wp-json\/wp\/v2\/types\/testimonial"}],"wp:featuredmedia":[{"embeddable":true,"href":"https:\/\/sieureusesc.ro\/en\/wp-json\/wp\/v2\/media\/1023"}],"wp:attachment":[{"href":"https:\/\/sieureusesc.ro\/en\/wp-json\/wp\/v2\/media?parent=1434"}],"curies":[{"name":"wp","href":"https:\/\/api.w.org\/{rel}","templated":true}]}}